{"id":49,"date":"2011-07-13T16:48:40","date_gmt":"2011-07-13T16:48:40","guid":{"rendered":"http:\/\/www.jairoalfonso.net\/?page_id=49"},"modified":"2026-03-06T16:54:02","modified_gmt":"2026-03-06T16:54:02","slug":"news","status":"publish","type":"page","link":"http:\/\/www.jairoalfonso.net\/?page_id=49","title":{"rendered":"NEWS"},"content":{"rendered":"<p>&nbsp;<\/p>\n<p><strong><span style=\"color: #000000;\">Selected Press:<\/span><\/strong><\/p>\n<p><span style=\"color: #333399;\"><a style=\"color: #333399;\" href=\"https:\/\/www.njarts.net\/jairo-alfonsos-objectscapes-exhibition-in-summit-explores-the-beauty-and-mystery-of-machines\/\">Jairo Alfonso\u00b4s&nbsp; &#8220;Objectscapes&#8221; exhibition in Summit explores the beauty and mystery of machines. Tris McCall. njArts.net. 2023<\/a><\/span><\/p>\n<p><span style=\"color: #333399;\"><a style=\"color: #333399;\" href=\"https:\/\/hypermediamagazine.com\/arte\/artes-visuales\/jairo-alfonso-los-juguetes-de-un-nino-egoista\/\">Jairo Alfonso: Los Juguetes de un ni\u00f1o ego\u00edsta. Jorge I Dom\u00ednguez- L\u00f3pez. Hypermedia. 2023&nbsp;<\/a><\/span><\/p>\n<p><span style=\"color: #333399;\"><a style=\"color: #333399;\" href=\"https:\/\/nocountrymagazine.com\/jairo-alfonso-and-the-taste-of-the-world\/\">Jairo Alfonso and the Taste of the World. Enrique del Risco. NoCountryMagazine. 2023<\/a><\/span><\/p>\n<p><span style=\"color: #333399;\"><a style=\"color: #333399;\" href=\"https:\/\/miami.cbslocal.com\/2019\/03\/21\/fountainhead-residency-miami-artists\/\">CBS news. Miami Proud: Jorge Perez and Jairo Alfonso<\/a>. March, 2019.<\/span><\/p>\n<div class=\"page\" title=\"Page 1\">\n<div class=\"layoutArea\">\n<div class=\"column\">\n<p><span style=\"color: #333399;\"><a style=\"color: #333399;\" href=\"http:\/\/www.diariodecuba.com\/cultura\/1489152707_29543.html\">Acapareitor. Diario de Cuba. <\/a><a style=\"color: #333399;\" href=\"http:\/\/www.diariodecuba.com\/cultura\/1489152707_29543.html\">March, 2017.<\/a><\/span><\/p>\n<p><span style=\"color: #333399;\"><a style=\"color: #333399;\" href=\"http:\/\/www.miamiherald.com\/entertainment\/visual-arts\/article121854823.html\">Art-filled Sights for the Holidays. Miami Herald, 2016.<\/a><\/span><\/p>\n<\/div>\n<\/div>\n<\/div>\n<p><span style=\"color: #333399;\"><a style=\"color: #333399;\" href=\"http:\/\/miamiherald.typepad.com\/miami-art-watch\/2015\/12\/latin-american-works-from-jorge-p%C3%A9rez-collection-on-display-in-wynwood.html\">Latin American works from Jorge P\u00e9rez Collection on display in Wynwood. <\/a><a style=\"color: #333399;\" href=\"http:\/\/miamiherald.typepad.com\/miami-art-watch\/2015\/12\/latin-american-works-from-jorge-p%C3%A9rez-collection-on-display-in-wynwood.html\">Miami Herald. Dec, 2015.<\/a><\/span><\/p>\n<p><span style=\"color: #333399;\"><a style=\"color: #333399;\" title=\"Artizar luce la colectiva Aires de Cuba\" href=\"http:\/\/ocio.laopinion.es\/agenda\/noticias\/nws-387324-artizar-luce-colectiva-aires-cuba.html\">Artizar luce la colectiva &#8220;Aires de Cuba&#8221;. <\/a><a style=\"color: #333399;\" title=\"Artizar luce la colectiva Aires de Cuba\" href=\"http:\/\/ocio.laopinion.es\/agenda\/noticias\/nws-387324-artizar-luce-colectiva-aires-cuba.html\">La opini\u00f3n de Tenerife. February, 2915.<\/a><\/span><\/p>\n<p><span style=\"color: #333399;\"><a style=\"color: #333399;\" title=\"Arnet Aires de Cuba\" href=\"http:\/\/www.artnet.com\/galleries\/artizar\/aires-de-cuba-jairo-alfonso-maykel\/\">Aires de Cuba. Artnet, February, 2015.<\/a><\/span><\/p>\n<p><span style=\"color: #333399;\"><a style=\"color: #333399;\" title=\"Resiliencia la otra Cuba\" href=\"http:\/\/www.tumiamiblog.com\/2015\/10\/resiliencia-la-otra-cuba-en-minneapolis.html\">Resiliencia, la otra Cuba en Minneapolis. <\/a><a style=\"color: #333399;\" title=\"Resiliencia la otra Cuba\" href=\"http:\/\/www.tumiamiblog.com\/2015\/10\/resiliencia-la-otra-cuba-en-minneapolis.html\">tumiamiblog. October, 2015.<\/a><\/span><\/p>\n<p><span style=\"color: #333399;\"><a style=\"color: #333399;\" title=\"Diaspora: Flow at IDB Cultural Center\" href=\"http:\/\/www.washingtonpost.com\/entertainment\/music\/diaspora-flow-at-idb-cultural-center-kazakh-music-at-the-kennedy-center\/2014\/06\/26\/283ec410-faee-11e3-9f27-09f20b8bfd1a_story.html\" target=\"_blank\" rel=\"noopener\">Diaspora: \u2018Flow\u2019 at IDB Cultural Center; Kazakh music at the Kennedy Center. Celia Wren. The Washington Post. June, 2014.<\/a><\/span><\/p>\n<p><span style=\"color: #333399;\"><a style=\"color: #333399;\" title=\"World News Report\" href=\"http:\/\/world.einnews.com\/article\/207809784\/yyaVcbanAUoeNFT3\" target=\"_blank\" rel=\"noopener\">World News Report. IDB Inter American Development Bank : presents &#8220;FLOW: Economies of the Look and Creativity in Contemporary Art from the Caribbean. June, 2014.<\/a><\/span><\/p>\n<p><span style=\"color: #333399;\"><a style=\"color: #333399;\" title=\"Art Experience New York\" href=\"https:\/\/www.artexperiencenyc.com\/es\/cuban-american-an-empire-state-of-mind\/\" target=\"_blank\" rel=\"noopener\">Cuban America: An Empire State of Mind. Art Experience: New York. Summer, 2014.<\/a><\/span><\/p>\n<p><span style=\"color: #333399;\"><a style=\"color: #333399;\" title=\"Diario de Cadiz\" href=\"http:\/\/www.diariodecadiz.es\/article\/ocio\/1763326\/creacion\/cubana\/y\/referencias\/sociales.html\" target=\"_blank\" rel=\"noopener\">Creaci\u00f3n cubana y referencias sociales. Diario de C\u00e1diz. May, 2014.<\/a><\/span><\/p>\n<p><span style=\"color: #333399;\"><a style=\"color: #333399;\" title=\"the bronx free press\" href=\"http:\/\/thebronxfreepress.com\/beyond-castro-mas-alla-de-castro\/\" target=\"_blank\" rel=\"noopener\">Beyond Castro\/M\u00e1s All\u00e1 de Castro. The Bronx Free Press. Volume 5 &#8211; No. 15; April, 2014.<\/a><\/span><\/p>\n<p><span style=\"color: #333399;\"><a style=\"color: #333399;\" title=\"Cuban Art News\" href=\"http:\/\/www.cubanartnews.org\/news\/exhibition-close-up-cuban-america-in-the-bronx\/3614\" target=\"_blank\" rel=\"noopener\">Exhibition Close-Up: Cuban America in the Bronx; A double interview with the show\u2019s co-curators.&nbsp;Cuban Art News. April , 2014.<\/a><\/span><\/p>\n<p><span style=\"color: #333399;\"><a style=\"color: #333399;\" title=\"Nuevo Herald\" href=\"http:\/\/www.elnuevoherald.com\/2014\/04\/05\/1718423_nuevas-poeticas-del-discurso-artistico.html\" target=\"_blank\" rel=\"noopener\">Nuevas po\u00e9ticas del discurso art\u00edstico cubano. Dennys Matos. El Nuevo Herald. April, 2014.<\/a><\/span><\/p>\n<p><span style=\"color: #333399;\"><a style=\"color: #333399;\" title=\"the meridian\" href=\"http:\/\/www.lcmeridian.com\/2014\/03\/26\/art-gallery-explores-american-through-cuban-eyes\/\" target=\"_blank\" rel=\"noopener\">Art Gallery Explores American Through Cuban Eyes. Kristopher Charles. The Meridian. March, 2014.<\/a><\/span><\/p>\n<p><span style=\"color: #333399;\"><a style=\"color: #333399;\" title=\"The bronx art exchange\" href=\"http:\/\/www.baxnyc.com\/2014\/03\/26\/cuban-identity-beyond-the-island-past-the-revolution\/\" target=\"_blank\" rel=\"noopener\">Cuban Identity: Beyond the Island, Past the Revolution. Jeffrey Guard Cortinas. The Bronx Art Exchange. March, 2014.<\/a><\/span><\/p>\n<p><span style=\"color: #333399;\"><a style=\"color: #333399;\" title=\"Infoenpunto\" href=\"http:\/\/infoenpunto.com\/not\/12322\/el_video_arte_cubano_en_el_espacio_de_creacion_contemporanea_de_cadiz\/\" target=\"_blank\" rel=\"noopener\">El video arte cubano en el Espacio de Creaci\u00f3n Contempor\u00e1nea de C\u00e1diz. Infoenpunto. March, 2014.<\/a><\/span><\/p>\n<p><span style=\"color: #333399;\"><a style=\"color: #333399;\" title=\"Diario Bah\u00eda de C\u00e1diz\" href=\"http:\/\/www.diariobahiadecadiz.com\/detalle-noticia-28060\" target=\"_blank\" rel=\"noopener\">Muestra in\u00e9dita en Europa sobre el videoarte cubano, en el ECCO de C\u00e1diz. Diario Bah\u00eda de C\u00e1diz. March, 2014.<\/a><\/span><\/p>\n<p><span style=\"color: #333399;\"><a style=\"color: #333399;\" title=\"the riverdale press\" href=\"http:\/\/riverdalepress.com\/stories\/Cuba-reconsidered,53802\" target=\"_blank\" rel=\"noopener\">Cuba Reconsidered. Maya Rajamani. The Riverdale Press. February 20, 2014.<\/a><\/span><\/p>\n","protected":false},"excerpt":{"rendered":"<p class=\"excerpt\">&nbsp; Selected Press: Jairo Alfonso\u00b4s&nbsp; &#8220;Objectscapes&#8221; exhibition in Summit explores the beauty and mystery of machines. Tris McCall. njArts.net. 2023 Jairo Alfonso: Los Juguetes de un ni\u00f1o ego\u00edsta. Jorge I Dom\u00ednguez- L\u00f3pez. Hypermedia. 2023&nbsp; Jairo Alfonso and the Taste of the World. Enrique del Risco. NoCountryMagazine. 2023 CBS news. Miami Proud: Jorge Perez and Jairo Alfonso. March, 2019. Acapareitor. Diario&hellip;<\/p>\n<p class=\"more-link-p\"><a class=\"btn btn-default\" href=\"http:\/\/www.jairoalfonso.net\/?page_id=49\">Read more<\/a><\/p>\n","protected":false},"author":1,"featured_media":0,"parent":0,"menu_order":3,"comment_status":"closed","ping_status":"closed","template":"","meta":{"ngg_post_thumbnail":0,"footnotes":""},"_links":{"self":[{"href":"http:\/\/www.jairoalfonso.net\/index.php?rest_route=\/wp\/v2\/pages\/49"}],"collection":[{"href":"http:\/\/www.jairoalfonso.net\/index.php?rest_route=\/wp\/v2\/pages"}],"about":[{"href":"http:\/\/www.jairoalfonso.net\/index.php?rest_route=\/wp\/v2\/types\/page"}],"author":[{"embeddable":true,"href":"http:\/\/www.jairoalfonso.net\/index.php?rest_route=\/wp\/v2\/users\/1"}],"replies":[{"embeddable":true,"href":"http:\/\/www.jairoalfonso.net\/index.php?rest_route=%2Fwp%2Fv2%2Fcomments&post=49"}],"version-history":[{"count":83,"href":"http:\/\/www.jairoalfonso.net\/index.php?rest_route=\/wp\/v2\/pages\/49\/revisions"}],"predecessor-version":[{"id":910,"href":"http:\/\/www.jairoalfonso.net\/index.php?rest_route=\/wp\/v2\/pages\/49\/revisions\/910"}],"wp:attachment":[{"href":"http:\/\/www.jairoalfonso.net\/index.php?rest_route=%2Fwp%2Fv2%2Fmedia&parent=49"}],"curies":[{"name":"wp","href":"https:\/\/api.w.org\/{rel}","templated":true}]}}